{"id":13,"date":"2019-01-29T12:34:31","date_gmt":"2019-01-29T11:34:31","guid":{"rendered":"https:\/\/rennverkaufsfahrzeuge.de\/schmankerl\/?page_id=13"},"modified":"2026-03-25T08:56:43","modified_gmt":"2026-03-25T07:56:43","slug":"start","status":"publish","type":"page","link":"https:\/\/rennverkaufsfahrzeuge.de\/schmankerl\/","title":{"rendered":"Start"},"content":{"rendered":"<p><div class=\"fusion-fullwidth fullwidth-box fusion-builder-row-1 fusion-parallax-none hundred-percent-fullwidth non-hundred-percent-height-scrolling\" style=\"--awb-border-radius-top-left:0px;--awb-border-radius-top-right:0px;--awb-border-radius-bottom-right:0px;--awb-border-radius-bottom-left:0px;--awb-background-image:url(&quot;https:\/\/rennverkaufsfahrzeuge.de\/schmankerl\/wp-content\/uploads\/2019\/01\/startImg.jpg&quot;);--awb-background-size:cover;--awb-flex-wrap:wrap;\" ><div class=\"fusion-builder-row fusion-row\"><div class=\"fusion-layout-column fusion_builder_column fusion-builder-column-0 fusion_builder_column_1_1 1_1 fusion-one-full fusion-column-first fusion-column-last\" style=\"--awb-padding-top:100px;--awb-padding-right:30px;--awb-padding-bottom:650px;--awb-bg-size:cover;\"><div class=\"fusion-column-wrapper fusion-flex-column-wrapper-legacy\"><div class=\"fusion-text fusion-text-1\"><p><a href=\"https:\/\/www.shopssl.de\/epages\/es280240.sf\" target=\"_blank\" rel=\"noopener noreferrer\"><img decoding=\"async\" class=\"alignright wp-image-16 size-full brettl\" src=\"https:\/\/rennverkaufsfahrzeuge.de\/schmankerl\/wp-content\/uploads\/2019\/01\/ShopButton.png\" alt=\"\" width=\"200\" height=\"155\" \/><\/a><\/p>\n<\/div><div class=\"fusion-clearfix\"><\/div><\/div><\/div><\/div><\/div><div class=\"fusion-fullwidth fullwidth-box fusion-builder-row-2 fusion-parallax-none nonhundred-percent-fullwidth non-hundred-percent-height-scrolling\" style=\"--awb-background-position:left center;--awb-border-radius-top-left:0px;--awb-border-radius-top-right:0px;--awb-border-radius-bottom-right:0px;--awb-border-radius-bottom-left:0px;--awb-margin-bottom:20px;--awb-background-color:rgba(255,255,255,0);--awb-background-image:url(&quot;https:\/\/rennverkaufsfahrzeuge.de\/schmankerl\/wp-content\/uploads\/2019\/01\/brett_oben_900.png&quot;);--awb-background-size:cover;--awb-flex-wrap:wrap;\" ><div class=\"fusion-builder-row fusion-row\"><div class=\"fusion-layout-column fusion_builder_column fusion-builder-column-1 fusion_builder_column_1_1 1_1 fusion-one-full fusion-column-first fusion-column-last\" style=\"--awb-padding-top:20px;--awb-padding-right:30px;--awb-padding-bottom:20px;--awb-padding-left:30px;--awb-bg-size:cover;\"><div class=\"fusion-column-wrapper fusion-flex-column-wrapper-legacy\"><div class=\"fusion-title title fusion-title-1 fusion-sep-none fusion-title-text fusion-title-size-one\" style=\"--awb-margin-top:30px;--awb-margin-top-small:10px;--awb-margin-right-small:0px;--awb-margin-bottom-small:10px;--awb-margin-left-small:0px;\"><h1 class=\"fusion-title-heading title-heading-left\" style=\"margin:0;\"><h1 style=\"text-align: center;\">Alles f\u00fcr eine richtige bayerische Brotzeit<\/h1><\/h1><\/div><div class=\"fusion-text fusion-text-2\"><p style=\"text-align: center;\"><strong>Seit \u00fcber 40 Jahren sind unsere niederbayerischen Schmankerl von<\/strong><br \/>\n<strong>Weihnachts- und Jahrm\u00e4rkten nicht wegzudenken. Feinw\u00fcrzige<\/strong><br \/>\n<strong>Wurstspezialit\u00e4ten und ger\u00e4ucherte Schinkendelikatessen\u2013 nach alten<\/strong><br \/>\n<strong>Rezepten hergestellt und mit Liebe von Hand gefertigt.<\/strong><\/p>\n<p style=\"text-align: center;\">Wem es pressiert, kann jetzt auch gleich in den Genuss unserer<br \/>\ng&#8217;schmackigen Wurstspezialit\u00e4ten kommen.<br \/>\nIn unserem Shop finden Sie alle unsere Schmankerl zum Bestellen.<br \/>\nAuf geht&#8217;s!<\/p>\n<\/div><div class=\"fusion-aligncenter\"><a class=\"fusion-button button-flat fusion-button-default-size button-default fusion-button-default button-1 fusion-button-default-span fusion-button-default-type fusion-animated\" data-animationType=\"shake\" data-animationDuration=\"0.9\" data-animationOffset=\"top-into-view\" target=\"_blank\" rel=\"noopener noreferrer\" href=\"https:\/\/www.shopssl.de\/epages\/es280240.sf\"><span class=\"fusion-button-text awb-button__text awb-button__text--default\">Zum Shop<\/span><\/a><\/div><div class=\"fusion-clearfix\"><\/div><\/div><\/div><\/div><\/div><div class=\"fusion-fullwidth fullwidth-box fusion-builder-row-3 nonhundred-percent-fullwidth non-hundred-percent-height-scrolling\" style=\"--awb-border-radius-top-left:0px;--awb-border-radius-top-right:0px;--awb-border-radius-bottom-right:0px;--awb-border-radius-bottom-left:0px;--awb-padding-top:0px;--awb-padding-bottom:0px;--awb-margin-top:0px;--awb-margin-bottom:20px;--awb-background-color:#ffffff;--awb-flex-wrap:wrap;\" ><div class=\"fusion-builder-row fusion-row\"><div class=\"fusion-layout-column fusion_builder_column fusion-builder-column-2 fusion_builder_column_2_5 2_5 fusion-two-fifth fusion-column-first\" style=\"--awb-padding-top:30px;--awb-padding-right:30px;--awb-padding-bottom:30px;--awb-padding-left:30px;--awb-bg-size:cover;width:40%;width:calc(40% - ( ( 4% ) * 0.4 ) );margin-right: 4%;\"><div class=\"fusion-column-wrapper fusion-flex-column-wrapper-legacy\"><div class=\"fusion-image-element in-legacy-container\" style=\"--awb-caption-title-font-family:var(--h2_typography-font-family);--awb-caption-title-font-weight:var(--h2_typography-font-weight);--awb-caption-title-font-style:var(--h2_typography-font-style);--awb-caption-title-size:var(--h2_typography-font-size);--awb-caption-title-transform:var(--h2_typography-text-transform);--awb-caption-title-line-height:var(--h2_typography-line-height);--awb-caption-title-letter-spacing:var(--h2_typography-letter-spacing);\"><span class=\" fusion-imageframe imageframe-none imageframe-1 hover-type-zoomin\"><img decoding=\"async\" width=\"1000\" height=\"847\" alt=\"Wurst aus Niederbayern\" title=\"wurst_qualitaet\" src=\"https:\/\/rennverkaufsfahrzeuge.de\/schmankerl\/wp-content\/uploads\/2019\/01\/wurst_qualitaet-1.jpg\" class=\"img-responsive wp-image-148\" srcset=\"https:\/\/rennverkaufsfahrzeuge.de\/schmankerl\/wp-content\/uploads\/2019\/01\/wurst_qualitaet-1-200x169.jpg 200w, https:\/\/rennverkaufsfahrzeuge.de\/schmankerl\/wp-content\/uploads\/2019\/01\/wurst_qualitaet-1-400x339.jpg 400w, https:\/\/rennverkaufsfahrzeuge.de\/schmankerl\/wp-content\/uploads\/2019\/01\/wurst_qualitaet-1-600x508.jpg 600w, https:\/\/rennverkaufsfahrzeuge.de\/schmankerl\/wp-content\/uploads\/2019\/01\/wurst_qualitaet-1-800x678.jpg 800w, https:\/\/rennverkaufsfahrzeuge.de\/schmankerl\/wp-content\/uploads\/2019\/01\/wurst_qualitaet-1.jpg 1000w\" sizes=\"(max-width: 800px) 100vw, 400px\" \/><\/span><\/div><div class=\"fusion-clearfix\"><\/div><\/div><\/div><div class=\"fusion-layout-column fusion_builder_column fusion-builder-column-3 fusion_builder_column_3_5 3_5 fusion-three-fifth fusion-column-last\" style=\"--awb-padding-top:20px;--awb-padding-right:30px;--awb-padding-left:30px;--awb-bg-size:cover;width:60%;width:calc(60% - ( ( 4% ) * 0.6 ) );\"><div class=\"fusion-column-wrapper fusion-flex-column-wrapper-legacy\"><div class=\"fusion-title title fusion-title-2 fusion-sep-none fusion-title-text fusion-title-size-one\" style=\"--awb-margin-top-small:10px;--awb-margin-right-small:0px;--awb-margin-bottom-small:10px;--awb-margin-left-small:0px;\"><h1 class=\"fusion-title-heading title-heading-left\" style=\"margin:0;\"><p style=\"text-align: left;\">Qualit\u00e4t aus der Region<\/p><\/h1><\/div><div class=\"fusion-text fusion-text-3\"><p>Unsere Fleisch- und Wurstspezialit\u00e4ten stehen f\u00fcr Spitzenqualit\u00e4t<br \/>\naus der Region. Das Fleisch f\u00fcr unsere Wurstwaren<br \/>\nstammt von den \u201eGundh\u00f6ringer Frischluftschweinen\u201c, die ein<br \/>\nBauer in der N\u00e4he von Straubing z\u00fcchtet. Seine Schweine haben<br \/>\nnicht nur ausreichend Platz f\u00fcr ein artgerechtes Leben, sondern<br \/>\nk\u00f6nnen ins Freie, wann immer sie wollen. Und das schmeckt man!<\/p>\n<p>Bei der Verarbeitung verwenden wir nur hochwertige Zutaten.<br \/>\nWir verzichten strikt auf chemische Konservierungsstoffe. Alle<br \/>\nProdukte sind frei von Glutamat, Laktose und Gluten, so dass sie<br \/>\nauch von Allergikern hervorragend vertragen werden.<\/p>\n<\/div><div class=\"fusion-clearfix\"><\/div><\/div><\/div><\/div><\/div><div class=\"fusion-fullwidth fullwidth-box fusion-builder-row-4 nonhundred-percent-fullwidth non-hundred-percent-height-scrolling\" style=\"--awb-border-radius-top-left:0px;--awb-border-radius-top-right:0px;--awb-border-radius-bottom-right:0px;--awb-border-radius-bottom-left:0px;--awb-padding-top:0px;--awb-margin-bottom:20px;--awb-background-color:#ffffff;--awb-flex-wrap:wrap;\" ><div class=\"fusion-builder-row fusion-row\"><div class=\"fusion-layout-column fusion_builder_column fusion-builder-column-4 fusion_builder_column_3_5 3_5 fusion-three-fifth fusion-column-first\" style=\"--awb-padding-top:30px;--awb-padding-right:30px;--awb-padding-left:30px;--awb-bg-size:cover;width:60%;width:calc(60% - ( ( 4% ) * 0.6 ) );margin-right: 4%;\"><div class=\"fusion-column-wrapper fusion-flex-column-wrapper-legacy\"><div class=\"fusion-title title fusion-title-3 fusion-sep-none fusion-title-text fusion-title-size-one\" style=\"--awb-margin-top-small:10px;--awb-margin-right-small:0px;--awb-margin-bottom-small:10px;--awb-margin-left-small:0px;\"><h1 class=\"fusion-title-heading title-heading-left\" style=\"margin:0;\"><h1 style=\"text-align: left;\">F\u00fcr einen langen Genuss<\/h1><\/h1><\/div><div class=\"fusion-text fusion-text-4\"><p>Unsere Schmankerl zeichnen sich nicht nur durch ihren<br \/>\nunvergleichlichen Geschmack, sondern auch durch ihre<br \/>\nhervorragende Haltbarkeit aus.<\/p>\n<p>Wir sorgen daf\u00fcr, dass die Ware absolut frisch bei Ihnen eintrifft.<br \/>\nDeshalb werden unsere Produkte vakuumverpackt und in<br \/>\nspezielle Isolierfolie eingeschlagen.<\/p>\n<p>Der Versand unserer Wurstwaren erfolgt immer kurz nach Herstellung der Ware. In der Regel 2x w\u00f6chentlich.<\/p>\n<p>Bei Au\u00dfentemperaturen von \u00fcber 30\u00ba C Grad versenden wir zum<br \/>\nSchutz der Ware nicht. Selbstverst\u00e4ndlich informieren wir Sie<br \/>\ngegebenenfalls dar\u00fcber.<\/p>\n<\/div><div class=\"fusion-clearfix\"><\/div><\/div><\/div><div class=\"fusion-layout-column fusion_builder_column fusion-builder-column-5 fusion_builder_column_2_5 2_5 fusion-two-fifth fusion-column-last\" style=\"--awb-padding-top:30px;--awb-padding-right:30px;--awb-padding-bottom:30px;--awb-padding-left:30px;--awb-bg-size:cover;width:40%;width:calc(40% - ( ( 4% ) * 0.4 ) );\"><div class=\"fusion-column-wrapper fusion-flex-column-wrapper-legacy\"><div class=\"fusion-image-element in-legacy-container\" style=\"--awb-caption-title-font-family:var(--h2_typography-font-family);--awb-caption-title-font-weight:var(--h2_typography-font-weight);--awb-caption-title-font-style:var(--h2_typography-font-style);--awb-caption-title-size:var(--h2_typography-font-size);--awb-caption-title-transform:var(--h2_typography-text-transform);--awb-caption-title-line-height:var(--h2_typography-line-height);--awb-caption-title-letter-spacing:var(--h2_typography-letter-spacing);\"><span class=\" fusion-imageframe imageframe-none imageframe-2 hover-type-zoomin\"><img decoding=\"async\" width=\"1000\" height=\"852\" alt=\"Wurst aus Niederbayern\" title=\"wurst_frische\" src=\"https:\/\/rennverkaufsfahrzeuge.de\/schmankerl\/wp-content\/uploads\/2019\/01\/wurst_frische-1.jpg\" class=\"img-responsive wp-image-146\" srcset=\"https:\/\/rennverkaufsfahrzeuge.de\/schmankerl\/wp-content\/uploads\/2019\/01\/wurst_frische-1-200x170.jpg 200w, https:\/\/rennverkaufsfahrzeuge.de\/schmankerl\/wp-content\/uploads\/2019\/01\/wurst_frische-1-400x341.jpg 400w, https:\/\/rennverkaufsfahrzeuge.de\/schmankerl\/wp-content\/uploads\/2019\/01\/wurst_frische-1-600x511.jpg 600w, https:\/\/rennverkaufsfahrzeuge.de\/schmankerl\/wp-content\/uploads\/2019\/01\/wurst_frische-1-800x682.jpg 800w, https:\/\/rennverkaufsfahrzeuge.de\/schmankerl\/wp-content\/uploads\/2019\/01\/wurst_frische-1.jpg 1000w\" sizes=\"(max-width: 800px) 100vw, 400px\" \/><\/span><\/div><div class=\"fusion-clearfix\"><\/div><\/div><\/div><\/div><\/div><div class=\"fusion-fullwidth fullwidth-box fusion-builder-row-5 nonhundred-percent-fullwidth non-hundred-percent-height-scrolling\" style=\"--awb-border-radius-top-left:0px;--awb-border-radius-top-right:0px;--awb-border-radius-bottom-right:0px;--awb-border-radius-bottom-left:0px;--awb-padding-bottom:0px;--awb-margin-bottom:20px;--awb-background-color:#ffffff;--awb-flex-wrap:wrap;\" ><div class=\"fusion-builder-row fusion-row\"><div class=\"fusion-layout-column fusion_builder_column fusion-builder-column-6 fusion_builder_column_1_1 1_1 fusion-one-full fusion-column-first fusion-column-last\" style=\"--awb-padding-top:30px;--awb-padding-right:30px;--awb-padding-bottom:0px;--awb-padding-left:30px;--awb-bg-size:cover;\"><div class=\"fusion-column-wrapper fusion-flex-column-wrapper-legacy\"><div class=\"fusion-title title fusion-title-4 fusion-sep-none fusion-title-text fusion-title-size-one\" style=\"--awb-margin-bottom:0px;--awb-margin-top-small:10px;--awb-margin-right-small:0px;--awb-margin-bottom-small:10px;--awb-margin-left-small:0px;\"><h1 class=\"fusion-title-heading title-heading-left\" style=\"margin:0;\"><h1 style=\"text-align: left;\">Unsere Markttermine<\/h1><\/h1><\/div><div class=\"fusion-clearfix\"><\/div><\/div><\/div><div class=\"fusion-layout-column fusion_builder_column fusion-builder-column-7 fusion_builder_column_1_3 1_3 fusion-one-third fusion-column-first\" style=\"--awb-padding-top:0px;--awb-padding-right:30px;--awb-padding-bottom:30px;--awb-padding-left:30px;--awb-bg-size:cover;width:33.333333333333%;width:calc(33.333333333333% - ( ( 4% + 4% ) * 0.33333333333333 ) );margin-right: 4%;\"><div class=\"fusion-column-wrapper fusion-flex-column-wrapper-legacy\"><div class=\"fusion-text fusion-text-5\" style=\"--awb-content-alignment:left;\"><h2>Jahrm\u00e4rkte<\/h2>\n<ul>\n<li><strong>Alt\u00f6tting:<\/strong> 22.03.2026\/ 25.10.2026<\/li>\n<li><strong>Olching:<\/strong> 03.05.2026\/ 18.10.2026<\/li>\n<li><strong>G\u00f6ppingen:<\/strong> 08.05.2026\/ 13.11.2026<\/li>\n<li><strong>Kempten:<\/strong> 14.05.-15.05.2026\/ 25.10.-27.10.2026<\/li>\n<li><strong>Oberstimm:<\/strong> 28.08.-31.08.2026<\/li>\n<li><strong>Sonthofen:<\/strong> 09.10.2026<\/li>\n<li><strong>Oberstdorf:<\/strong> 10.10.2026<\/li>\n<li><strong>Lindau:<\/strong> 06.11.-10.11.2026<\/li>\n<li><strong>Dachau:<\/strong> 22.03.2026\/ 17.05.2026\/ 11.10.2026\/ 22.11.2026<\/li>\n<li><strong>Buchloe:<\/strong> 06.04.2026\/ 18.10.2026<\/li>\n<\/ul>\n<\/div><div class=\"fusion-clearfix\"><\/div><\/div><\/div><div class=\"fusion-layout-column fusion_builder_column fusion-builder-column-8 fusion_builder_column_1_3 1_3 fusion-one-third\" style=\"--awb-padding-top:0px;--awb-padding-right:30px;--awb-padding-bottom:30px;--awb-padding-left:30px;--awb-bg-size:cover;width:33.333333333333%;width:calc(33.333333333333% - ( ( 4% + 4% ) * 0.33333333333333 ) );margin-right: 4%;\"><div class=\"fusion-column-wrapper fusion-flex-column-wrapper-legacy\"><div class=\"fusion-text fusion-text-6\" style=\"--awb-content-alignment:left;\"><h2>Weihnachtsm\u00e4rkte<\/h2>\n<ul>\n<li><strong>Alt\u00f6tting:\u00a0 27.11.-20.12.2026\u00a0<\/strong><\/li>\n<li><strong>Kempten: 26.11.-21.12.2026\u00a0<\/strong><\/li>\n<li><strong>Landsberg:<\/strong> <strong>27.11.-20.12.2026<\/strong><strong>\u00a0\u00a0<\/strong><\/li>\n<\/ul>\n<\/div><div class=\"fusion-clearfix\"><\/div><\/div><\/div><div class=\"fusion-layout-column fusion_builder_column fusion-builder-column-9 fusion_builder_column_1_3 1_3 fusion-one-third fusion-column-last\" style=\"--awb-padding-top:0px;--awb-padding-right:30px;--awb-padding-bottom:0px;--awb-padding-left:30px;--awb-bg-size:cover;width:33.333333333333%;width:calc(33.333333333333% - ( ( 4% + 4% ) * 0.33333333333333 ) );\"><div class=\"fusion-column-wrapper fusion-flex-column-wrapper-legacy\"><div class=\"fusion-image-element in-legacy-container\" style=\"--awb-caption-title-font-family:var(--h2_typography-font-family);--awb-caption-title-font-weight:var(--h2_typography-font-weight);--awb-caption-title-font-style:var(--h2_typography-font-style);--awb-caption-title-size:var(--h2_typography-font-size);--awb-caption-title-transform:var(--h2_typography-text-transform);--awb-caption-title-line-height:var(--h2_typography-line-height);--awb-caption-title-letter-spacing:var(--h2_typography-letter-spacing);\"><span class=\" fusion-imageframe imageframe-none imageframe-3 hover-type-none fusion-animated\" data-animationType=\"fadeInRight\" data-animationDuration=\"1.0\" data-animationOffset=\"top-into-view\"><img decoding=\"async\" width=\"1000\" height=\"695\" alt=\"Marktstand: Renns original niederbayerische Spezialit\u00e4ten\" title=\"Marktstand\" src=\"https:\/\/rennverkaufsfahrzeuge.de\/schmankerl\/wp-content\/uploads\/2019\/01\/Marktstand.jpg\" class=\"img-responsive wp-image-188\" srcset=\"https:\/\/rennverkaufsfahrzeuge.de\/schmankerl\/wp-content\/uploads\/2019\/01\/Marktstand-200x139.jpg 200w, https:\/\/rennverkaufsfahrzeuge.de\/schmankerl\/wp-content\/uploads\/2019\/01\/Marktstand-400x278.jpg 400w, https:\/\/rennverkaufsfahrzeuge.de\/schmankerl\/wp-content\/uploads\/2019\/01\/Marktstand-600x417.jpg 600w, https:\/\/rennverkaufsfahrzeuge.de\/schmankerl\/wp-content\/uploads\/2019\/01\/Marktstand-800x556.jpg 800w, https:\/\/rennverkaufsfahrzeuge.de\/schmankerl\/wp-content\/uploads\/2019\/01\/Marktstand.jpg 1000w\" sizes=\"(max-width: 800px) 100vw, 400px\" \/><\/span><\/div><div class=\"fusion-clearfix\"><\/div><\/div><\/div><\/div><\/div><div class=\"fusion-fullwidth fullwidth-box fusion-builder-row-6 nonhundred-percent-fullwidth non-hundred-percent-height-scrolling\" style=\"--awb-border-radius-top-left:0px;--awb-border-radius-top-right:0px;--awb-border-radius-bottom-right:0px;--awb-border-radius-bottom-left:0px;--awb-padding-top:40px;--awb-padding-bottom:0px;--awb-padding-left:30px;--awb-background-color:#ffffff;--awb-flex-wrap:wrap;\" ><div class=\"fusion-builder-row fusion-row\"><div class=\"fusion-layout-column fusion_builder_column fusion-builder-column-10 fusion_builder_column_1_1 1_1 fusion-one-full fusion-column-first fusion-column-last\" style=\"--awb-bg-size:cover;\"><div class=\"fusion-column-wrapper fusion-flex-column-wrapper-legacy\"><div class=\"fusion-title title fusion-title-5 fusion-sep-none fusion-title-text fusion-title-size-one\" style=\"--awb-margin-top-small:10px;--awb-margin-right-small:0px;--awb-margin-bottom-small:10px;--awb-margin-left-small:0px;\"><h1 class=\"fusion-title-heading title-heading-left\" style=\"margin:0;\"><h1 style=\"text-align: left;\">Bei Fragen nehmen Sie Kontakt mit uns auf:<\/h1><\/h1><\/div><div class=\"fusion-clearfix\"><\/div><\/div><\/div><div class=\"fusion-layout-column fusion_builder_column fusion-builder-column-11 fusion_builder_column_1_1 1_1 fusion-one-full fusion-column-first fusion-column-last\" style=\"--awb-padding-top:30px;--awb-padding-right:30px;--awb-padding-bottom:50px;--awb-padding-left:60px;--awb-bg-image:url(&#039;https:\/\/rennverkaufsfahrzeuge.de\/schmankerl\/wp-content\/uploads\/2019\/01\/brett_uinten_420.png&#039;);--awb-bg-position:center top;--awb-bg-size:cover;\"><div class=\"fusion-column-wrapper fusion-flex-column-wrapper-legacy fusion-column-has-bg-image\" data-bg-url=\"https:\/\/rennverkaufsfahrzeuge.de\/schmankerl\/wp-content\/uploads\/2019\/01\/brett_uinten_420.png\"><div class=\"fusion-title title fusion-title-6 fusion-sep-none fusion-title-text fusion-title-size-two\" style=\"--awb-margin-top-small:10px;--awb-margin-right-small:0px;--awb-margin-bottom-small:10px;--awb-margin-left-small:0px;\"><h2 class=\"fusion-title-heading title-heading-left\" style=\"margin:0;\">Original niederbayerische Schmankerl<\/h2><\/div><div class=\"fusion-text fusion-text-7\"><p><strong>Renn Original Niederbayerische Schmankerl<\/strong><br \/>\n<strong>Alfons Biberger (Inh.)<\/strong><\/p>\n<p><strong>Gambachreuth 25<\/strong><br \/>\n<strong>84098 Hohenthann<\/strong><br \/>\n<strong>Tel.: 0171-7703244<\/strong><\/p>\n<p><a href=\"mailto:info@niederbayerische-schmankerl.de\"><strong>info@niederbayerische-schmankerl.de<\/strong><\/a><\/p>\n<\/div><div class=\"fusion-alignleft\"><a class=\"fusion-button button-flat fusion-button-default-size button-default fusion-button-default button-2 fusion-button-default-span fusion-button-default-type\" target=\"_blank\" rel=\"noopener noreferrer\" href=\"https:\/\/www.shopssl.de\/epages\/es280240.sf\"><span class=\"fusion-button-text awb-button__text awb-button__text--default\">Zum Shop<\/span><\/a><\/div><div class=\"fusion-clearfix\"><\/div><\/div><\/div><\/div><\/div><\/p>\n","protected":false},"excerpt":{"rendered":"","protected":false},"author":1,"featured_media":0,"parent":0,"menu_order":0,"comment_status":"closed","ping_status":"closed","template":"","meta":{"footnotes":""},"class_list":["post-13","page","type-page","status-publish","hentry"],"yoast_head":"<!-- This site is optimized with the Yoast SEO plugin v27.4 - https:\/\/yoast.com\/product\/yoast-seo-wordpress\/ -->\n<title>Niederbayerische Schmankerl: Wurst und Ger\u00e4uchertes frisch geliefert<\/title>\n<meta name=\"description\" content=\"Qualit\u00e4t aus der Region: Feinschmecker-Wurstwaren und Ger\u00e4uchertes mit Tradition aus Niederbayern. Jetzt zum Bestellen in unserem Schmankerl-Shop!\" \/>\n<meta name=\"robots\" content=\"index, follow, max-snippet:-1, max-image-preview:large, max-video-preview:-1\" \/>\n<link rel=\"canonical\" href=\"https:\/\/rennverkaufsfahrzeuge.de\/schmankerl\/\" \/>\n<meta property=\"og:locale\" content=\"de_DE\" \/>\n<meta property=\"og:type\" content=\"article\" \/>\n<meta property=\"og:title\" content=\"Niederbayerische Schmankerl: Wurst und Ger\u00e4uchertes frisch geliefert\" \/>\n<meta property=\"og:description\" content=\"Qualit\u00e4t aus der Region: Feinschmecker-Wurstwaren und Ger\u00e4uchertes mit Tradition aus Niederbayern. Jetzt zum Bestellen in unserem Schmankerl-Shop!\" \/>\n<meta property=\"og:url\" content=\"https:\/\/rennverkaufsfahrzeuge.de\/schmankerl\/\" \/>\n<meta property=\"og:site_name\" content=\"Niederbayerische Schmankerl\" \/>\n<meta property=\"article:modified_time\" content=\"2026-03-25T07:56:43+00:00\" \/>\n<meta property=\"og:image\" content=\"https:\/\/rennverkaufsfahrzeuge.de\/schmankerl\/wp-content\/uploads\/2019\/01\/ShopButton.png\" \/>\n\t<meta property=\"og:image:width\" content=\"200\" \/>\n\t<meta property=\"og:image:height\" content=\"155\" \/>\n\t<meta property=\"og:image:type\" content=\"image\/png\" \/>\n<meta name=\"twitter:card\" content=\"summary_large_image\" \/>\n<meta name=\"twitter:label1\" content=\"Gesch\u00e4tzte Lesezeit\" \/>\n\t<meta name=\"twitter:data1\" content=\"3\u00a0Minuten\" \/>\n<script type=\"application\/ld+json\" class=\"yoast-schema-graph\">{\"@context\":\"https:\\\/\\\/schema.org\",\"@graph\":[{\"@type\":\"WebPage\",\"@id\":\"https:\\\/\\\/rennverkaufsfahrzeuge.de\\\/schmankerl\\\/\",\"url\":\"https:\\\/\\\/rennverkaufsfahrzeuge.de\\\/schmankerl\\\/\",\"name\":\"Niederbayerische Schmankerl: Wurst und Ger\u00e4uchertes frisch geliefert\",\"isPartOf\":{\"@id\":\"https:\\\/\\\/rennverkaufsfahrzeuge.de\\\/schmankerl\\\/#website\"},\"primaryImageOfPage\":{\"@id\":\"https:\\\/\\\/rennverkaufsfahrzeuge.de\\\/schmankerl\\\/#primaryimage\"},\"image\":{\"@id\":\"https:\\\/\\\/rennverkaufsfahrzeuge.de\\\/schmankerl\\\/#primaryimage\"},\"thumbnailUrl\":\"https:\\\/\\\/rennverkaufsfahrzeuge.de\\\/schmankerl\\\/wp-content\\\/uploads\\\/2019\\\/01\\\/ShopButton.png\",\"datePublished\":\"2019-01-29T11:34:31+00:00\",\"dateModified\":\"2026-03-25T07:56:43+00:00\",\"description\":\"Qualit\u00e4t aus der Region: Feinschmecker-Wurstwaren und Ger\u00e4uchertes mit Tradition aus Niederbayern. Jetzt zum Bestellen in unserem Schmankerl-Shop!\",\"breadcrumb\":{\"@id\":\"https:\\\/\\\/rennverkaufsfahrzeuge.de\\\/schmankerl\\\/#breadcrumb\"},\"inLanguage\":\"de\",\"potentialAction\":[{\"@type\":\"ReadAction\",\"target\":[\"https:\\\/\\\/rennverkaufsfahrzeuge.de\\\/schmankerl\\\/\"]}]},{\"@type\":\"ImageObject\",\"inLanguage\":\"de\",\"@id\":\"https:\\\/\\\/rennverkaufsfahrzeuge.de\\\/schmankerl\\\/#primaryimage\",\"url\":\"https:\\\/\\\/rennverkaufsfahrzeuge.de\\\/schmankerl\\\/wp-content\\\/uploads\\\/2019\\\/01\\\/ShopButton.png\",\"contentUrl\":\"https:\\\/\\\/rennverkaufsfahrzeuge.de\\\/schmankerl\\\/wp-content\\\/uploads\\\/2019\\\/01\\\/ShopButton.png\",\"width\":200,\"height\":155,\"caption\":\"Shop Original niederbayerische Schmankerl\"},{\"@type\":\"BreadcrumbList\",\"@id\":\"https:\\\/\\\/rennverkaufsfahrzeuge.de\\\/schmankerl\\\/#breadcrumb\",\"itemListElement\":[{\"@type\":\"ListItem\",\"position\":1,\"name\":\"Startseite\",\"item\":\"https:\\\/\\\/rennverkaufsfahrzeuge.de\\\/schmankerl\\\/\"},{\"@type\":\"ListItem\",\"position\":2,\"name\":\"Start\"}]},{\"@type\":\"WebSite\",\"@id\":\"https:\\\/\\\/rennverkaufsfahrzeuge.de\\\/schmankerl\\\/#website\",\"url\":\"https:\\\/\\\/rennverkaufsfahrzeuge.de\\\/schmankerl\\\/\",\"name\":\"Niederbayerische Schmankerl\",\"description\":\"Alles f\u00fcr eine richtige bayerische Brotzeit\",\"potentialAction\":[{\"@type\":\"SearchAction\",\"target\":{\"@type\":\"EntryPoint\",\"urlTemplate\":\"https:\\\/\\\/rennverkaufsfahrzeuge.de\\\/schmankerl\\\/?s={search_term_string}\"},\"query-input\":{\"@type\":\"PropertyValueSpecification\",\"valueRequired\":true,\"valueName\":\"search_term_string\"}}],\"inLanguage\":\"de\"}]}<\/script>\n<!-- \/ Yoast SEO plugin. -->","yoast_head_json":{"title":"Niederbayerische Schmankerl: Wurst und Ger\u00e4uchertes frisch geliefert","description":"Qualit\u00e4t aus der Region: Feinschmecker-Wurstwaren und Ger\u00e4uchertes mit Tradition aus Niederbayern. Jetzt zum Bestellen in unserem Schmankerl-Shop!","robots":{"index":"index","follow":"follow","max-snippet":"max-snippet:-1","max-image-preview":"max-image-preview:large","max-video-preview":"max-video-preview:-1"},"canonical":"https:\/\/rennverkaufsfahrzeuge.de\/schmankerl\/","og_locale":"de_DE","og_type":"article","og_title":"Niederbayerische Schmankerl: Wurst und Ger\u00e4uchertes frisch geliefert","og_description":"Qualit\u00e4t aus der Region: Feinschmecker-Wurstwaren und Ger\u00e4uchertes mit Tradition aus Niederbayern. Jetzt zum Bestellen in unserem Schmankerl-Shop!","og_url":"https:\/\/rennverkaufsfahrzeuge.de\/schmankerl\/","og_site_name":"Niederbayerische Schmankerl","article_modified_time":"2026-03-25T07:56:43+00:00","og_image":[{"width":200,"height":155,"url":"https:\/\/rennverkaufsfahrzeuge.de\/schmankerl\/wp-content\/uploads\/2019\/01\/ShopButton.png","type":"image\/png"}],"twitter_card":"summary_large_image","twitter_misc":{"Gesch\u00e4tzte Lesezeit":"3\u00a0Minuten"},"schema":{"@context":"https:\/\/schema.org","@graph":[{"@type":"WebPage","@id":"https:\/\/rennverkaufsfahrzeuge.de\/schmankerl\/","url":"https:\/\/rennverkaufsfahrzeuge.de\/schmankerl\/","name":"Niederbayerische Schmankerl: Wurst und Ger\u00e4uchertes frisch geliefert","isPartOf":{"@id":"https:\/\/rennverkaufsfahrzeuge.de\/schmankerl\/#website"},"primaryImageOfPage":{"@id":"https:\/\/rennverkaufsfahrzeuge.de\/schmankerl\/#primaryimage"},"image":{"@id":"https:\/\/rennverkaufsfahrzeuge.de\/schmankerl\/#primaryimage"},"thumbnailUrl":"https:\/\/rennverkaufsfahrzeuge.de\/schmankerl\/wp-content\/uploads\/2019\/01\/ShopButton.png","datePublished":"2019-01-29T11:34:31+00:00","dateModified":"2026-03-25T07:56:43+00:00","description":"Qualit\u00e4t aus der Region: Feinschmecker-Wurstwaren und Ger\u00e4uchertes mit Tradition aus Niederbayern. Jetzt zum Bestellen in unserem Schmankerl-Shop!","breadcrumb":{"@id":"https:\/\/rennverkaufsfahrzeuge.de\/schmankerl\/#breadcrumb"},"inLanguage":"de","potentialAction":[{"@type":"ReadAction","target":["https:\/\/rennverkaufsfahrzeuge.de\/schmankerl\/"]}]},{"@type":"ImageObject","inLanguage":"de","@id":"https:\/\/rennverkaufsfahrzeuge.de\/schmankerl\/#primaryimage","url":"https:\/\/rennverkaufsfahrzeuge.de\/schmankerl\/wp-content\/uploads\/2019\/01\/ShopButton.png","contentUrl":"https:\/\/rennverkaufsfahrzeuge.de\/schmankerl\/wp-content\/uploads\/2019\/01\/ShopButton.png","width":200,"height":155,"caption":"Shop Original niederbayerische Schmankerl"},{"@type":"BreadcrumbList","@id":"https:\/\/rennverkaufsfahrzeuge.de\/schmankerl\/#breadcrumb","itemListElement":[{"@type":"ListItem","position":1,"name":"Startseite","item":"https:\/\/rennverkaufsfahrzeuge.de\/schmankerl\/"},{"@type":"ListItem","position":2,"name":"Start"}]},{"@type":"WebSite","@id":"https:\/\/rennverkaufsfahrzeuge.de\/schmankerl\/#website","url":"https:\/\/rennverkaufsfahrzeuge.de\/schmankerl\/","name":"Niederbayerische Schmankerl","description":"Alles f\u00fcr eine richtige bayerische Brotzeit","potentialAction":[{"@type":"SearchAction","target":{"@type":"EntryPoint","urlTemplate":"https:\/\/rennverkaufsfahrzeuge.de\/schmankerl\/?s={search_term_string}"},"query-input":{"@type":"PropertyValueSpecification","valueRequired":true,"valueName":"search_term_string"}}],"inLanguage":"de"}]}},"_links":{"self":[{"href":"https:\/\/rennverkaufsfahrzeuge.de\/schmankerl\/wp-json\/wp\/v2\/pages\/13","targetHints":{"allow":["GET"]}}],"collection":[{"href":"https:\/\/rennverkaufsfahrzeuge.de\/schmankerl\/wp-json\/wp\/v2\/pages"}],"about":[{"href":"https:\/\/rennverkaufsfahrzeuge.de\/schmankerl\/wp-json\/wp\/v2\/types\/page"}],"author":[{"embeddable":true,"href":"https:\/\/rennverkaufsfahrzeuge.de\/schmankerl\/wp-json\/wp\/v2\/users\/1"}],"replies":[{"embeddable":true,"href":"https:\/\/rennverkaufsfahrzeuge.de\/schmankerl\/wp-json\/wp\/v2\/comments?post=13"}],"version-history":[{"count":184,"href":"https:\/\/rennverkaufsfahrzeuge.de\/schmankerl\/wp-json\/wp\/v2\/pages\/13\/revisions"}],"predecessor-version":[{"id":274,"href":"https:\/\/rennverkaufsfahrzeuge.de\/schmankerl\/wp-json\/wp\/v2\/pages\/13\/revisions\/274"}],"wp:attachment":[{"href":"https:\/\/rennverkaufsfahrzeuge.de\/schmankerl\/wp-json\/wp\/v2\/media?parent=13"}],"curies":[{"name":"wp","href":"https:\/\/api.w.org\/{rel}","templated":true}]}}